{"id":930,"date":"2020-09-07T10:22:39","date_gmt":"2020-09-07T08:22:39","guid":{"rendered":"http:\/\/afie-asso.fr\/index.php\/home\/"},"modified":"2026-03-23T16:48:46","modified_gmt":"2026-03-23T15:48:46","slug":"home","status":"publish","type":"page","link":"https:\/\/afie-asso.fr\/","title":{"rendered":"Home"},"content":{"rendered":"\n<h3 class=\"wp-block-heading has-text-color has-link-color wp-elements-48857ccce7f167a2a0080dce79381677\" style=\"color:#767e81;font-size:27px\">AFIE<\/h3>\n\n\n\n<p class=\"has-text-color has-link-color has-medium-font-size wp-elements-ce21fcc4ac240115f7aa3404cb1881b8\" style=\"color:#767e81\">l&rsquo;Association Fran\u00e7aise Interprofessionnelle des \u00c9cologues<\/p>\n\n\n\n<figure class=\"wp-block-gallery has-nested-images columns-3 is-cropped wp-block-gallery-1 is-layout-flex wp-block-gallery-is-layout-flex\">\n<figure class=\"wp-block-image size-large is-style-default\"><img loading=\"lazy\" decoding=\"async\" width=\"1024\" height=\"410\" data-id=\"703\" src=\"https:\/\/afie-asso.fr\/wp-content\/uploads\/2020\/06\/BANDEAU_02_redim-1024x410.jpg\" alt=\"\" class=\"wp-image-703\" style=\"aspect-ratio:3\/2\" srcset=\"https:\/\/afie-asso.fr\/wp-content\/uploads\/2020\/06\/BANDEAU_02_redim-1024x410.jpg 1024w, https:\/\/afie-asso.fr\/wp-content\/uploads\/2020\/06\/BANDEAU_02_redim-300x120.jpg 300w, https:\/\/afie-asso.fr\/wp-content\/uploads\/2020\/06\/BANDEAU_02_redim-768x308.jpg 768w, https:\/\/afie-asso.fr\/wp-content\/uploads\/2020\/06\/BANDEAU_02_redim.jpg 1190w\" sizes=\"auto, (max-width: 1024px) 100vw, 1024px\" \/><figcaption class=\"wp-element-caption\"><strong><strong>Pr\u00e9sentation :<\/strong> <\/strong>Elle regroupe des \u00e9tudiants, des professionnels Bac+2 et plus, mais aussi des sympathisants travaillant dans le secteur de l&rsquo;\u00e9cologie appliqu\u00e9e.<\/figcaption><\/figure>\n\n\n\n<figure class=\"wp-block-image size-large\"><img loading=\"lazy\" decoding=\"async\" width=\"1024\" height=\"410\" data-id=\"704\" src=\"https:\/\/afie-asso.fr\/wp-content\/uploads\/2020\/06\/BANDEAU_01b-redim-1024x410.jpg\" alt=\"\" class=\"wp-image-704\" style=\"aspect-ratio:3\/2\" srcset=\"https:\/\/afie-asso.fr\/wp-content\/uploads\/2020\/06\/BANDEAU_01b-redim-1024x410.jpg 1024w, https:\/\/afie-asso.fr\/wp-content\/uploads\/2020\/06\/BANDEAU_01b-redim-300x120.jpg 300w, https:\/\/afie-asso.fr\/wp-content\/uploads\/2020\/06\/BANDEAU_01b-redim-768x308.jpg 768w, https:\/\/afie-asso.fr\/wp-content\/uploads\/2020\/06\/BANDEAU_01b-redim.jpg 1190w\" sizes=\"auto, (max-width: 1024px) 100vw, 1024px\" \/><figcaption class=\"wp-element-caption\"><strong>Objectif #1 de l&rsquo;AFIE :<\/strong> Favoriser la prise en compte des lois de l&rsquo;\u00e9cologie dans l&rsquo;am\u00e9nagement du territoire et la gestion des milieux naturels.<\/figcaption><\/figure>\n\n\n\n<figure class=\"wp-block-image size-large\"><img loading=\"lazy\" decoding=\"async\" width=\"1024\" height=\"410\" data-id=\"705\" src=\"https:\/\/afie-asso.fr\/wp-content\/uploads\/2020\/06\/BANDEAU_03_redim-1024x410.jpg\" alt=\"\" class=\"wp-image-705\" style=\"aspect-ratio:3\/2\" srcset=\"https:\/\/afie-asso.fr\/wp-content\/uploads\/2020\/06\/BANDEAU_03_redim-1024x410.jpg 1024w, https:\/\/afie-asso.fr\/wp-content\/uploads\/2020\/06\/BANDEAU_03_redim-300x120.jpg 300w, https:\/\/afie-asso.fr\/wp-content\/uploads\/2020\/06\/BANDEAU_03_redim-768x307.jpg 768w, https:\/\/afie-asso.fr\/wp-content\/uploads\/2020\/06\/BANDEAU_03_redim.jpg 1190w\" sizes=\"auto, (max-width: 1024px) 100vw, 1024px\" \/><figcaption class=\"wp-element-caption\"><strong>Objectif #2 de l&rsquo;AFIE :<\/strong> Promouvoir la profession d&rsquo;\u00e9cologue et plus g\u00e9n\u00e9ralement le professionnalisme en environnement.<\/figcaption><\/figure>\n<\/figure>\n\n\n\n<h2 class=\"wp-block-heading has-text-align-center\">Actualit\u00e9s<\/h2>\n\n\n\n<p class=\"has-text-align-center\">Retrouvez ci-dessous les actualit\u00e9s de l&rsquo;AFIE !<\/p>\n\n\n        <div class=\"rttpg-block-postgrid rttpg-block-wrapper rttpg-block-702547 tpg-wrapper-align-center tpg-filter-type-dropdown meta-visibility-show section-title-style-style1 img_hover_animation_default title-default title_position_default title_hover_border_default meta_position_default tpg-is-author-icon-default author-image-visibility-icon tpg-category-position-default readmore-btn-default-style grid-hover-overlay-type-always grid-hover-overlay-height-default hover-overlay-height-default tpg-title-border-default filter-nex-prev-btn-visible tpg-cat-style1 slider-scroll-hide act-label-style-inline\">\n            <div class=\"rt-container-fluid rt-tpg-container tpg-el-main-wrapper tpg-gutenberg clearfix grid-layout3-main\"\n                 id=\"rt-tpg-container-4209785790\"\n                 data-layout=\"grid-layout3\"\n                 data-grid-style=\"tpg-full-height\" data-sc-id=\"elementor\"\n                 data-el-settings=''\n                 data-el-query=''\n                 data-el-path=''>\n\t\t\t\t                <div class='tpg-header-wrapper '>\n\t\t\t\t\t                <\/div>\n\n                <div class=\"rt-row rt-content-loader gutenberg-inner grid-layout3 grid-behaviour tpg-full-height grid_layout_wrapper\">\n\t\t\t\t\t\n<div class=\"rt-col-md-6 rt-col-sm-6 rt-col-xs-12 default rt-grid-item\" data-id=\"1370\">\n\t<div class=\"rt-holder tpg-post-holder \">\n\t\t<div class=\"rt-detail rt-el-content-wrapper\">\n\t\t\t\t\t\t\t<div class=\"rt-img-holder tpg-el-image-wrap has-thumbnail\">\n\t\t\t\t\t<a data-id=\"1370\" href=\"https:\/\/afie-asso.fr\/index.php\/2025\/11\/27\/webinaire-se-former-aux-metiers-de-la-biodiversite\/\" class=\"tpg-post-link\" target=\"_self\">                        <img loading=\"lazy\" decoding=\"async\" src=\"https:\/\/afie-asso.fr\/wp-content\/uploads\/2025\/11\/Webi_orientation_visuel-1-768x644.png\"\n                             class=\"rt-img-responsive\"\n                             width=\"768\"\n                             height=\"644\"\n                             alt=\"Webinaire \u00ab\u00a0Se former aux m\u00e9tiers de la biodiversit\u00e9\u00a0\u00bb\">\n\t\t\t\t\t\t\n\t\t\t\t\t\t\t\n\t\t<\/a>\n\t\t        <div class=\"overlay grid-hover-content\"><\/div>\n\t\t\t\t\t\t<\/div>\n\t\t\t\n\n\t\t\t<div class=\"entry-title-wrapper\"><h3 class=\"entry-title\"><a data-id=\"1370\" href=\"https:\/\/afie-asso.fr\/index.php\/2025\/11\/27\/webinaire-se-former-aux-metiers-de-la-biodiversite\/\" class=\"tpg-post-link\" target=\"_self\">Webinaire \u00ab\u00a0Se former aux m\u00e9tiers de la biodiversit\u00e9\u00a0\u00bb<\/a><\/h3><\/div>\n\t\t\t\t\t\t\t<div class=\"post-meta-tags rt-el-post-meta\">\n\t\t\t\t\t            <span class='date'>\n\t\t\t\t<i class='far fa-calendar-alt '><\/i>\t\t\t\t                    <a href=\"https:\/\/afie-asso.fr\/index.php\/2025\/11\/27\/\">\n\t\t\t\t\t27 novembre 2025\t\t\t\t<\/a>\n\t\t\t\t\t\t\t<\/span>\n\t\t\t\t\t\t\t<\/div>\n\t\t\t\n\t\t\t\n\t\t\t        <div class=\"post-footer\">\n            <div class=\"post-footer\">\n                <div class=\"read-more\">\n\t\t\t\t\t<a data-id=\"1370\" href=\"https:\/\/afie-asso.fr\/index.php\/2025\/11\/27\/webinaire-se-former-aux-metiers-de-la-biodiversite\/\" class=\"tpg-post-link\" target=\"_self\">Lire la suite<\/a>                <\/div>\n            <\/div>\n        <\/div>\n\t\t\t\t<\/div>\n\t<\/div>\n<\/div>\n\n<div class=\"rt-col-md-6 rt-col-sm-6 rt-col-xs-12 default rt-grid-item\" data-id=\"1511\">\n\t<div class=\"rt-holder tpg-post-holder \">\n\t\t<div class=\"rt-detail rt-el-content-wrapper\">\n\t\t\t\t\t\t\t<div class=\"rt-img-holder tpg-el-image-wrap has-thumbnail\">\n\t\t\t\t\t<a data-id=\"1511\" href=\"https:\/\/afie-asso.fr\/index.php\/2025\/10\/14\/webinaire-midi-de-lafie-diagnostics-faune-bati\/\" class=\"tpg-post-link\" target=\"_self\">                        <img loading=\"lazy\" decoding=\"async\" src=\"https:\/\/afie-asso.fr\/wp-content\/uploads\/2025\/10\/midi_AFIE_faunebati-768x430.jpg\"\n                             class=\"rt-img-responsive\"\n                             width=\"768\"\n                             height=\"430\"\n                             alt=\"Webinaire \u00ab\u00a0Midi de l&rsquo;AFIE\u00a0\u00bb &#8211; Diagnostics Faune &amp; B\u00e2ti\">\n\t\t\t\t\t\t\n\t\t\t\t\t\t\t\n\t\t<\/a>\n\t\t        <div class=\"overlay grid-hover-content\"><\/div>\n\t\t\t\t\t\t<\/div>\n\t\t\t\n\n\t\t\t<div class=\"entry-title-wrapper\"><h3 class=\"entry-title\"><a data-id=\"1511\" href=\"https:\/\/afie-asso.fr\/index.php\/2025\/10\/14\/webinaire-midi-de-lafie-diagnostics-faune-bati\/\" class=\"tpg-post-link\" target=\"_self\">Webinaire \u00ab\u00a0Midi de l&rsquo;AFIE\u00a0\u00bb &#8211; Diagnostics Faune &amp; B\u00e2ti<\/a><\/h3><\/div>\n\t\t\t\t\t\t\t<div class=\"post-meta-tags rt-el-post-meta\">\n\t\t\t\t\t            <span class='date'>\n\t\t\t\t<i class='far fa-calendar-alt '><\/i>\t\t\t\t                    <a href=\"https:\/\/afie-asso.fr\/index.php\/2025\/10\/14\/\">\n\t\t\t\t\t14 octobre 2025\t\t\t\t<\/a>\n\t\t\t\t\t\t\t<\/span>\n\t\t\t\t\t\t\t<\/div>\n\t\t\t\n\t\t\t\n\t\t\t        <div class=\"post-footer\">\n            <div class=\"post-footer\">\n                <div class=\"read-more\">\n\t\t\t\t\t<a data-id=\"1511\" href=\"https:\/\/afie-asso.fr\/index.php\/2025\/10\/14\/webinaire-midi-de-lafie-diagnostics-faune-bati\/\" class=\"tpg-post-link\" target=\"_self\">Lire la suite<\/a>                <\/div>\n            <\/div>\n        <\/div>\n\t\t\t\t<\/div>\n\t<\/div>\n<\/div>\n\n<div class=\"rt-col-md-6 rt-col-sm-6 rt-col-xs-12 default rt-grid-item\" data-id=\"1473\">\n\t<div class=\"rt-holder tpg-post-holder \">\n\t\t<div class=\"rt-detail rt-el-content-wrapper\">\n\t\t\t\t\t\t\t<div class=\"rt-img-holder tpg-el-image-wrap has-no-thumbnail\">\n\t\t\t\t\t<a data-id=\"1473\" href=\"https:\/\/afie-asso.fr\/index.php\/2024\/12\/20\/webinaire-devenez-expert-de-justice-dans-lenvironnement\/\" class=\"tpg-post-link\" target=\"_self\">\t\t\n\t\t<\/a>\n\t\t        <div class=\"overlay grid-hover-content\"><\/div>\n\t\t\t\t\t\t<\/div>\n\t\t\t\n\n\t\t\t<div class=\"entry-title-wrapper\"><h3 class=\"entry-title\"><a data-id=\"1473\" href=\"https:\/\/afie-asso.fr\/index.php\/2024\/12\/20\/webinaire-devenez-expert-de-justice-dans-lenvironnement\/\" class=\"tpg-post-link\" target=\"_self\">Webinaire \u00ab\u00a0Devenez Expert de Justice dans l&rsquo;Environnement\u00a0\u00bb<\/a><\/h3><\/div>\n\t\t\t\t\t\t\t<div class=\"post-meta-tags rt-el-post-meta\">\n\t\t\t\t\t            <span class='date'>\n\t\t\t\t<i class='far fa-calendar-alt '><\/i>\t\t\t\t                    <a href=\"https:\/\/afie-asso.fr\/index.php\/2024\/12\/20\/\">\n\t\t\t\t\t20 d\u00e9cembre 2024\t\t\t\t<\/a>\n\t\t\t\t\t\t\t<\/span>\n\t\t\t\t\t\t\t<\/div>\n\t\t\t\n\t\t\t\n\t\t\t        <div class=\"post-footer\">\n            <div class=\"post-footer\">\n                <div class=\"read-more\">\n\t\t\t\t\t<a data-id=\"1473\" href=\"https:\/\/afie-asso.fr\/index.php\/2024\/12\/20\/webinaire-devenez-expert-de-justice-dans-lenvironnement\/\" class=\"tpg-post-link\" target=\"_self\">Lire la suite<\/a>                <\/div>\n            <\/div>\n        <\/div>\n\t\t\t\t<\/div>\n\t<\/div>\n<\/div>\n\n<div class=\"rt-col-md-6 rt-col-sm-6 rt-col-xs-12 default rt-grid-item\" data-id=\"1462\">\n\t<div class=\"rt-holder tpg-post-holder \">\n\t\t<div class=\"rt-detail rt-el-content-wrapper\">\n\t\t\t\t\t\t\t<div class=\"rt-img-holder tpg-el-image-wrap has-no-thumbnail\">\n\t\t\t\t\t<a data-id=\"1462\" href=\"https:\/\/afie-asso.fr\/index.php\/2024\/11\/27\/webinaire-abc\/\" class=\"tpg-post-link\" target=\"_self\">\t\t\n\t\t<\/a>\n\t\t        <div class=\"overlay grid-hover-content\"><\/div>\n\t\t\t\t\t\t<\/div>\n\t\t\t\n\n\t\t\t<div class=\"entry-title-wrapper\"><h3 class=\"entry-title\"><a data-id=\"1462\" href=\"https:\/\/afie-asso.fr\/index.php\/2024\/11\/27\/webinaire-abc\/\" class=\"tpg-post-link\" target=\"_self\">Replay du Webinaire \u00ab\u00a0Bureaux d&rsquo;\u00e9tudes : accompagnez les collectivit\u00e9s dans leur d\u00e9marche ABC\u00a0\u00bb<\/a><\/h3><\/div>\n\t\t\t\t\t\t\t<div class=\"post-meta-tags rt-el-post-meta\">\n\t\t\t\t\t            <span class='date'>\n\t\t\t\t<i class='far fa-calendar-alt '><\/i>\t\t\t\t                    <a href=\"https:\/\/afie-asso.fr\/index.php\/2024\/11\/27\/\">\n\t\t\t\t\t27 novembre 2024\t\t\t\t<\/a>\n\t\t\t\t\t\t\t<\/span>\n\t\t\t\t\t\t\t<\/div>\n\t\t\t\n\t\t\t\n\t\t\t        <div class=\"post-footer\">\n            <div class=\"post-footer\">\n                <div class=\"read-more\">\n\t\t\t\t\t<a data-id=\"1462\" href=\"https:\/\/afie-asso.fr\/index.php\/2024\/11\/27\/webinaire-abc\/\" class=\"tpg-post-link\" target=\"_self\">Lire la suite<\/a>                <\/div>\n            <\/div>\n        <\/div>\n\t\t\t\t<\/div>\n\t<\/div>\n<\/div>\n                <\/div>\n\n\t\t\t\t\n            <\/div>\n        <\/div>\n\t\t\n\n<style type='text\/css' media='all'>#rt-tpg-container-355655180 .rt-holder .rt-woo-info .price{color:#0367bf;}body .rt-tpg-container .rt-tpg-isotope-buttons .selected,\n\t\t\t\t\t#rt-tpg-container-355655180 .layout12 .rt-holder:hover .rt-detail,\n\t\t\t\t\t#rt-tpg-container-355655180 .isotope8 .rt-holder:hover .rt-detail,\n\t\t\t\t\t#rt-tpg-container-355655180 .carousel8 .rt-holder:hover .rt-detail,\n\t\t\t\t\t#rt-tpg-container-355655180 .layout13 .rt-holder .overlay .post-info,\n\t\t\t\t\t#rt-tpg-container-355655180 .isotope9 .rt-holder .overlay .post-info,\n\t\t\t\t\t#rt-tpg-container-355655180.rt-tpg-container .layout4 .rt-holder .rt-detail,\n\t\t\t\t\t.rt-modal-355655180 .md-content,\n\t\t\t\t\t.rt-modal-355655180 .md-content > .rt-md-content-holder .rt-md-content,\n\t\t\t\t\t.rt-popup-wrap-355655180.rt-popup-wrap .rt-popup-navigation-wrap,\n\t\t\t\t\t#rt-tpg-container-355655180 .carousel9 .rt-holder .overlay .post-info{background-color:#0367bf;}#rt-tpg-container-355655180 .layout5 .rt-holder .overlay, #rt-tpg-container-355655180 .isotope2 .rt-holder .overlay, #rt-tpg-container-355655180 .carousel2 .rt-holder .overlay,#rt-tpg-container-355655180 .layout15 .rt-holder h3, #rt-tpg-container-355655180 .isotope11 .rt-holder h3, #rt-tpg-container-355655180 .carousel11 .rt-holder h3, #rt-tpg-container-355655180 .layout16 .rt-holder h3,\n\t\t\t\t\t#rt-tpg-container-355655180 .isotope12 .rt-holder h3, #rt-tpg-container-355655180 .carousel12 .rt-holder h3 {background-color:rgba(3,103,191,0.8);}#rt-tpg-container-355655180 .read-more a{border-radius:px;}#rt-tpg-container-355655180 .rt-img-holder img.rt-img-responsive,#rt-tpg-container-355655180 .rt-img-holder,\n\t\t\t\t\t#rt-tpg-container-355655180 .rt-post-overlay .post-img,\n\t\t\t\t\t#rt-tpg-container-355655180 .post-sm .post-img,\n\t\t\t\t\t#rt-tpg-container-355655180 .rt-post-grid .post-img,\n\t\t\t\t\t#rt-tpg-container-355655180 .post-img img {border-radius:px;}<\/style><div class='rt-container-fluid rt-tpg-container tpg-shortcode-main-wrapper ' id='rt-tpg-container-355655180'   data-layout='layout1' data-grid-style='even' data-desktop-col='3'  data-tab-col='2'  data-mobile-col='1' data-sc-id='1425'><div class=\"tpg-widget-heading-wrapper heading-style1 \"><span class=\"tpg-widget-heading-line line-left\"><\/span><h2 class=\"tpg-widget-heading\">Actualit\u00e9s<\/h2><span class=\"tpg-widget-heading-line\"><\/span><\/div><div data-title='Loading ...' class='rt-row rt-content-loader   layout1 tpg-even '><div class=\"rt-col-md-4 rt-col-sm-6 rt-col-xs-12 even-grid-item rt-grid-item\" data-id=\"1370\"><div class=\"rt-holder\"><div class=\"rt-img-holder\"><a data-id=\"1370\" class=\"\" href=\"https:\/\/afie-asso.fr\/index.php\/2025\/11\/27\/webinaire-se-former-aux-metiers-de-la-biodiversite\/\"><img loading=\"lazy\" decoding=\"async\" width=\"940\" height=\"788\" src=\"https:\/\/afie-asso.fr\/wp-content\/uploads\/2025\/11\/Webi_orientation_visuel-1.png\" class=\"rt-img-responsive \" alt=\"\" \/><\/a><\/div><div class='rt-detail'><h3 class=\"entry-title\"><a data-id=\"1370\" class=\"\" href=\"https:\/\/afie-asso.fr\/index.php\/2025\/11\/27\/webinaire-se-former-aux-metiers-de-la-biodiversite\/\">Webinaire \u00ab\u00a0Se former aux m\u00e9tiers de la biodiversit\u00e9\u00a0\u00bb<\/a><\/h3><\/div><\/div><\/div><div class=\"rt-col-md-4 rt-col-sm-6 rt-col-xs-12 even-grid-item rt-grid-item\" data-id=\"1511\"><div class=\"rt-holder\"><div class=\"rt-img-holder\"><a data-id=\"1511\" class=\"\" href=\"https:\/\/afie-asso.fr\/index.php\/2025\/10\/14\/webinaire-midi-de-lafie-diagnostics-faune-bati\/\"><img loading=\"lazy\" decoding=\"async\" width=\"500\" height=\"280\" src=\"https:\/\/afie-asso.fr\/wp-content\/uploads\/2025\/10\/midi_AFIE_faunebati-e1760435338845.jpg\" class=\"rt-img-responsive \" alt=\"\" \/><\/a><\/div><div class='rt-detail'><h3 class=\"entry-title\"><a data-id=\"1511\" class=\"\" href=\"https:\/\/afie-asso.fr\/index.php\/2025\/10\/14\/webinaire-midi-de-lafie-diagnostics-faune-bati\/\">Webinaire \u00ab\u00a0Midi de l&rsquo;AFIE\u00a0\u00bb &#8211; Diagnostics Faune &amp; B\u00e2ti<\/a><\/h3><\/div><\/div><\/div><div class=\"rt-col-md-4 rt-col-sm-6 rt-col-xs-12 even-grid-item rt-grid-item\" data-id=\"1410\"><div class=\"rt-holder\"><div class='rt-detail'><h3 class=\"entry-title\"><a data-id=\"1410\" class=\"\" href=\"https:\/\/afie-asso.fr\/index.php\/2024\/04\/29\/replay-webi-orientation\/\">Replay du webinaire \u00ab\u00a0Se former aux m\u00e9tiers de la Biodiversit\u00e9\u00a0\u00bb<\/a><\/h3><\/div><\/div><\/div><div class=\"rt-col-md-4 rt-col-sm-6 rt-col-xs-12 even-grid-item rt-grid-item\" data-id=\"1117\"><div class=\"rt-holder\"><div class=\"rt-img-holder\"><a data-id=\"1117\" class=\"\" href=\"https:\/\/afie-asso.fr\/index.php\/2021\/06\/03\/observatoire-national-du-cadre-de-vie-statuts-barometre-et-gt-zan\/\"><img loading=\"lazy\" decoding=\"async\" width=\"343\" height=\"540\" src=\"https:\/\/afie-asso.fr\/wp-content\/uploads\/2020\/06\/ONCV.png\" class=\"rt-img-responsive \" alt=\"\" \/><\/a><\/div><div class='rt-detail'><h3 class=\"entry-title\"><a data-id=\"1117\" class=\"\" href=\"https:\/\/afie-asso.fr\/index.php\/2021\/06\/03\/observatoire-national-du-cadre-de-vie-statuts-barometre-et-gt-zan\/\">Observatoire National du Cadre de Vie : statuts, barom\u00e8tre et GT ZAN<\/a><\/h3><\/div><\/div><\/div><div class=\"rt-col-md-4 rt-col-sm-6 rt-col-xs-12 even-grid-item rt-grid-item\" data-id=\"954\"><div class=\"rt-holder\"><div class=\"rt-img-holder\"><a data-id=\"954\" class=\"\" href=\"https:\/\/afie-asso.fr\/index.php\/2020\/10\/05\/les-webinaires-de-lafie-aux-assises-nationales-de-la-biodiversite\/\"><img loading=\"lazy\" decoding=\"async\" width=\"627\" height=\"235\" src=\"https:\/\/afie-asso.fr\/wp-content\/uploads\/2020\/10\/AssisesNat-biodiversite2020_bandeau.png\" class=\"rt-img-responsive \" alt=\"\" \/><\/a><\/div><div class='rt-detail'><h3 class=\"entry-title\"><a data-id=\"954\" class=\"\" href=\"https:\/\/afie-asso.fr\/index.php\/2020\/10\/05\/les-webinaires-de-lafie-aux-assises-nationales-de-la-biodiversite\/\">Les webinaires de l&rsquo;AFIE aux Assises Nationales de la Biodiversit\u00e9<\/a><\/h3><\/div><\/div><\/div><div class=\"rt-col-md-4 rt-col-sm-6 rt-col-xs-12 even-grid-item rt-grid-item\" data-id=\"1233\"><div class=\"rt-holder\"><div class=\"rt-img-holder\"><a data-id=\"1233\" class=\"\" href=\"https:\/\/afie-asso.fr\/index.php\/2021\/09\/01\/les-acteurs-de-lingenierie-et-du-genie-ecologiques-seront-presents-au-congres-mondial-de-la-nature\/\"><img loading=\"lazy\" decoding=\"async\" width=\"317\" height=\"100\" src=\"https:\/\/afie-asso.fr\/wp-content\/uploads\/2021\/09\/marseille.png\" class=\"rt-img-responsive \" alt=\"\" \/><\/a><\/div><div class='rt-detail'><h3 class=\"entry-title\"><a data-id=\"1233\" class=\"\" href=\"https:\/\/afie-asso.fr\/index.php\/2021\/09\/01\/les-acteurs-de-lingenierie-et-du-genie-ecologiques-seront-presents-au-congres-mondial-de-la-nature\/\">Les Acteurs de l\u2019Ing\u00e9nierie et du G\u00e9nie \u00c9cologiques seront pr\u00e9sents au Congr\u00e8s Mondial de la Nature<\/a><\/h3><\/div><\/div><\/div><div class=\"rt-col-md-4 rt-col-sm-6 rt-col-xs-12 even-grid-item rt-grid-item\" data-id=\"967\"><div class=\"rt-holder\"><div class=\"rt-img-holder\"><a data-id=\"967\" class=\"\" href=\"https:\/\/afie-asso.fr\/index.php\/2020\/11\/03\/lafie-travaille-avec-le-ministere-pour-maintenir-les-projets-et-les-entreprises-pendant-le-confinement\/\"><img loading=\"lazy\" decoding=\"async\" width=\"267\" height=\"189\" src=\"https:\/\/afie-asso.fr\/wp-content\/uploads\/2020\/11\/MTE-logo.png\" class=\"rt-img-responsive \" alt=\"\" \/><\/a><\/div><div class='rt-detail'><h3 class=\"entry-title\"><a data-id=\"967\" class=\"\" href=\"https:\/\/afie-asso.fr\/index.php\/2020\/11\/03\/lafie-travaille-avec-le-ministere-pour-maintenir-les-projets-et-les-entreprises-pendant-le-confinement\/\">L\u2019AFIE travaille avec le Minist\u00e8re pour maintenir les projets et les entreprises pendant le confinement<\/a><\/h3><\/div><\/div><\/div><div class=\"rt-col-md-4 rt-col-sm-6 rt-col-xs-12 even-grid-item rt-grid-item\" data-id=\"936\"><div class=\"rt-holder\"><div class=\"rt-img-holder\"><a data-id=\"936\" class=\"\" href=\"https:\/\/afie-asso.fr\/index.php\/2020\/09\/14\/lafie-au-copil-du-gt-sur-la-redaction-des-cctp-pour-les-projets-de-genie-ecologique\/\"><img loading=\"lazy\" decoding=\"async\" width=\"259\" height=\"194\" src=\"https:\/\/afie-asso.fr\/wp-content\/uploads\/2020\/09\/AIGECO-logo.png\" class=\"rt-img-responsive \" alt=\"\" \/><\/a><\/div><div class='rt-detail'><h3 class=\"entry-title\"><a data-id=\"936\" class=\"\" href=\"https:\/\/afie-asso.fr\/index.php\/2020\/09\/14\/lafie-au-copil-du-gt-sur-la-redaction-des-cctp-pour-les-projets-de-genie-ecologique\/\">L\u2019AFIE au COPIL du GT sur la r\u00e9daction des CCTP pour les projets de G\u00e9nie \u00e9cologique<\/a><\/h3><\/div><\/div><\/div><div class=\"rt-col-md-4 rt-col-sm-6 rt-col-xs-12 even-grid-item rt-grid-item\" data-id=\"932\"><div class=\"rt-holder\"><div class=\"rt-img-holder\"><a data-id=\"932\" class=\"\" href=\"https:\/\/afie-asso.fr\/index.php\/2020\/09\/12\/lafie-au-bureau-du-comite-national-biodiversite\/\"><img loading=\"lazy\" decoding=\"async\" width=\"276\" height=\"182\" src=\"https:\/\/afie-asso.fr\/wp-content\/uploads\/2020\/06\/CNB2.png\" class=\"rt-img-responsive \" alt=\"\" \/><\/a><\/div><div class='rt-detail'><h3 class=\"entry-title\"><a data-id=\"932\" class=\"\" href=\"https:\/\/afie-asso.fr\/index.php\/2020\/09\/12\/lafie-au-bureau-du-comite-national-biodiversite\/\">L\u2019AFIE au bureau du Comit\u00e9 National de la Biodiversit\u00e9<\/a><\/h3><\/div><\/div><\/div><\/div><div class='rt-pagination-wrap' data-total-pages='3' data-posts-per-page='9' data-type='pagination'  ><div class=\"rt-pagination\" ><ul class=\"pagination-list\"><li class=\"active\"><span>1<\/span><\/li><li><a data-paged='2' href='https:\/\/afie-asso.fr\/index.php\/wp-json\/wp\/v2\/pages\/930\/page\/2\/'>2<\/a><\/li><li><a data-paged='3' href='https:\/\/afie-asso.fr\/index.php\/wp-json\/wp\/v2\/pages\/930\/page\/3\/'>3<\/a><\/li><\/ul><\/div><\/div><\/div>","protected":false},"excerpt":{"rendered":"<p>AFIE l&rsquo;Association Fran\u00e7aise Interprofessionnelle des \u00c9cologues Actualit\u00e9s Retrouvez ci-dessous les actualit\u00e9s de l&rsquo;AFIE !<\/p>\n","protected":false},"author":1,"featured_media":0,"parent":0,"menu_order":0,"comment_status":"closed","ping_status":"closed","template":"template-homepage.php","meta":{"footnotes":""},"class_list":["post-930","page","type-page","status-publish","hentry"],"yoast_head":"<!-- This site is optimized with the Yoast SEO plugin v27.4 - https:\/\/yoast.com\/product\/yoast-seo-wordpress\/ -->\n<title>Home - AFIE<\/title>\n<meta name=\"description\" content=\"Bienvenue \u00e0 l&#039;AFIE, l&#039;Association Interprofessionnelle des Ecologue.\" \/>\n<meta name=\"robots\" content=\"index, follow, max-snippet:-1, max-image-preview:large, max-video-preview:-1\" \/>\n<link rel=\"canonical\" href=\"https:\/\/afie-asso.fr\/\" \/>\n<meta property=\"og:locale\" content=\"fr_FR\" \/>\n<meta property=\"og:type\" content=\"article\" \/>\n<meta property=\"og:title\" content=\"Home - AFIE\" \/>\n<meta property=\"og:description\" content=\"Bienvenue \u00e0 l&#039;AFIE, l&#039;Association Interprofessionnelle des Ecologue.\" \/>\n<meta property=\"og:url\" content=\"https:\/\/afie-asso.fr\/\" \/>\n<meta property=\"og:site_name\" content=\"AFIE\" \/>\n<meta property=\"article:modified_time\" content=\"2026-03-23T15:48:46+00:00\" \/>\n<meta property=\"og:image\" content=\"https:\/\/afie-asso.fr\/wp-content\/uploads\/2020\/06\/BANDEAU_02_redim.jpg\" \/>\n\t<meta property=\"og:image:width\" content=\"1190\" \/>\n\t<meta property=\"og:image:height\" content=\"477\" \/>\n\t<meta property=\"og:image:type\" content=\"image\/jpeg\" \/>\n<meta name=\"twitter:card\" content=\"summary_large_image\" \/>\n<meta name=\"twitter:label1\" content=\"Dur\u00e9e de lecture estim\u00e9e\" \/>\n\t<meta name=\"twitter:data1\" content=\"1 minute\" \/>\n<script type=\"application\/ld+json\" class=\"yoast-schema-graph\">{\"@context\":\"https:\\\/\\\/schema.org\",\"@graph\":[{\"@type\":\"WebPage\",\"@id\":\"https:\\\/\\\/afie-asso.fr\\\/\",\"url\":\"https:\\\/\\\/afie-asso.fr\\\/\",\"name\":\"Home - AFIE\",\"isPartOf\":{\"@id\":\"https:\\\/\\\/afie-asso.fr\\\/#website\"},\"primaryImageOfPage\":{\"@id\":\"https:\\\/\\\/afie-asso.fr\\\/#primaryimage\"},\"image\":{\"@id\":\"https:\\\/\\\/afie-asso.fr\\\/#primaryimage\"},\"thumbnailUrl\":\"https:\\\/\\\/afie-asso.fr\\\/wp-content\\\/uploads\\\/2020\\\/06\\\/BANDEAU_02_redim-1024x410.jpg\",\"datePublished\":\"2020-09-07T08:22:39+00:00\",\"dateModified\":\"2026-03-23T15:48:46+00:00\",\"description\":\"Bienvenue \u00e0 l'AFIE, l'Association Interprofessionnelle des Ecologue.\",\"breadcrumb\":{\"@id\":\"https:\\\/\\\/afie-asso.fr\\\/#breadcrumb\"},\"inLanguage\":\"fr-FR\",\"potentialAction\":[{\"@type\":\"ReadAction\",\"target\":[\"https:\\\/\\\/afie-asso.fr\\\/\"]}]},{\"@type\":\"ImageObject\",\"inLanguage\":\"fr-FR\",\"@id\":\"https:\\\/\\\/afie-asso.fr\\\/#primaryimage\",\"url\":\"https:\\\/\\\/afie-asso.fr\\\/wp-content\\\/uploads\\\/2020\\\/06\\\/BANDEAU_02_redim.jpg\",\"contentUrl\":\"https:\\\/\\\/afie-asso.fr\\\/wp-content\\\/uploads\\\/2020\\\/06\\\/BANDEAU_02_redim.jpg\",\"width\":1190,\"height\":477,\"caption\":\"Biologists walking through the field at sunset nearby Stanca village, Iasi, Romania.\"},{\"@type\":\"BreadcrumbList\",\"@id\":\"https:\\\/\\\/afie-asso.fr\\\/#breadcrumb\",\"itemListElement\":[{\"@type\":\"ListItem\",\"position\":1,\"name\":\"Accueil\",\"item\":\"https:\\\/\\\/afie-asso.fr\\\/\"},{\"@type\":\"ListItem\",\"position\":2,\"name\":\"Home\"}]},{\"@type\":\"WebSite\",\"@id\":\"https:\\\/\\\/afie-asso.fr\\\/#website\",\"url\":\"https:\\\/\\\/afie-asso.fr\\\/\",\"name\":\"AFIE\",\"description\":\"Association Fran\u00e7aise Interprofessionnelle des Ecologues\",\"publisher\":{\"@id\":\"https:\\\/\\\/afie-asso.fr\\\/#organization\"},\"potentialAction\":[{\"@type\":\"SearchAction\",\"target\":{\"@type\":\"EntryPoint\",\"urlTemplate\":\"https:\\\/\\\/afie-asso.fr\\\/?s={search_term_string}\"},\"query-input\":{\"@type\":\"PropertyValueSpecification\",\"valueRequired\":true,\"valueName\":\"search_term_string\"}}],\"inLanguage\":\"fr-FR\"},{\"@type\":\"Organization\",\"@id\":\"https:\\\/\\\/afie-asso.fr\\\/#organization\",\"name\":\"AFIE\",\"url\":\"https:\\\/\\\/afie-asso.fr\\\/\",\"logo\":{\"@type\":\"ImageObject\",\"inLanguage\":\"fr-FR\",\"@id\":\"https:\\\/\\\/afie-asso.fr\\\/#\\\/schema\\\/logo\\\/image\\\/\",\"url\":\"https:\\\/\\\/afie-asso.fr\\\/wp-content\\\/uploads\\\/2019\\\/05\\\/cropped-logo-AFIE-3.png\",\"contentUrl\":\"https:\\\/\\\/afie-asso.fr\\\/wp-content\\\/uploads\\\/2019\\\/05\\\/cropped-logo-AFIE-3.png\",\"width\":555,\"height\":459,\"caption\":\"AFIE\"},\"image\":{\"@id\":\"https:\\\/\\\/afie-asso.fr\\\/#\\\/schema\\\/logo\\\/image\\\/\"}}]}<\/script>\n<!-- \/ Yoast SEO plugin. -->","yoast_head_json":{"title":"Home - AFIE","description":"Bienvenue \u00e0 l'AFIE, l'Association Interprofessionnelle des Ecologue.","robots":{"index":"index","follow":"follow","max-snippet":"max-snippet:-1","max-image-preview":"max-image-preview:large","max-video-preview":"max-video-preview:-1"},"canonical":"https:\/\/afie-asso.fr\/","og_locale":"fr_FR","og_type":"article","og_title":"Home - AFIE","og_description":"Bienvenue \u00e0 l'AFIE, l'Association Interprofessionnelle des Ecologue.","og_url":"https:\/\/afie-asso.fr\/","og_site_name":"AFIE","article_modified_time":"2026-03-23T15:48:46+00:00","og_image":[{"width":1190,"height":477,"url":"https:\/\/afie-asso.fr\/wp-content\/uploads\/2020\/06\/BANDEAU_02_redim.jpg","type":"image\/jpeg"}],"twitter_card":"summary_large_image","twitter_misc":{"Dur\u00e9e de lecture estim\u00e9e":"1 minute"},"schema":{"@context":"https:\/\/schema.org","@graph":[{"@type":"WebPage","@id":"https:\/\/afie-asso.fr\/","url":"https:\/\/afie-asso.fr\/","name":"Home - AFIE","isPartOf":{"@id":"https:\/\/afie-asso.fr\/#website"},"primaryImageOfPage":{"@id":"https:\/\/afie-asso.fr\/#primaryimage"},"image":{"@id":"https:\/\/afie-asso.fr\/#primaryimage"},"thumbnailUrl":"https:\/\/afie-asso.fr\/wp-content\/uploads\/2020\/06\/BANDEAU_02_redim-1024x410.jpg","datePublished":"2020-09-07T08:22:39+00:00","dateModified":"2026-03-23T15:48:46+00:00","description":"Bienvenue \u00e0 l'AFIE, l'Association Interprofessionnelle des Ecologue.","breadcrumb":{"@id":"https:\/\/afie-asso.fr\/#breadcrumb"},"inLanguage":"fr-FR","potentialAction":[{"@type":"ReadAction","target":["https:\/\/afie-asso.fr\/"]}]},{"@type":"ImageObject","inLanguage":"fr-FR","@id":"https:\/\/afie-asso.fr\/#primaryimage","url":"https:\/\/afie-asso.fr\/wp-content\/uploads\/2020\/06\/BANDEAU_02_redim.jpg","contentUrl":"https:\/\/afie-asso.fr\/wp-content\/uploads\/2020\/06\/BANDEAU_02_redim.jpg","width":1190,"height":477,"caption":"Biologists walking through the field at sunset nearby Stanca village, Iasi, Romania."},{"@type":"BreadcrumbList","@id":"https:\/\/afie-asso.fr\/#breadcrumb","itemListElement":[{"@type":"ListItem","position":1,"name":"Accueil","item":"https:\/\/afie-asso.fr\/"},{"@type":"ListItem","position":2,"name":"Home"}]},{"@type":"WebSite","@id":"https:\/\/afie-asso.fr\/#website","url":"https:\/\/afie-asso.fr\/","name":"AFIE","description":"Association Fran\u00e7aise Interprofessionnelle des Ecologues","publisher":{"@id":"https:\/\/afie-asso.fr\/#organization"},"potentialAction":[{"@type":"SearchAction","target":{"@type":"EntryPoint","urlTemplate":"https:\/\/afie-asso.fr\/?s={search_term_string}"},"query-input":{"@type":"PropertyValueSpecification","valueRequired":true,"valueName":"search_term_string"}}],"inLanguage":"fr-FR"},{"@type":"Organization","@id":"https:\/\/afie-asso.fr\/#organization","name":"AFIE","url":"https:\/\/afie-asso.fr\/","logo":{"@type":"ImageObject","inLanguage":"fr-FR","@id":"https:\/\/afie-asso.fr\/#\/schema\/logo\/image\/","url":"https:\/\/afie-asso.fr\/wp-content\/uploads\/2019\/05\/cropped-logo-AFIE-3.png","contentUrl":"https:\/\/afie-asso.fr\/wp-content\/uploads\/2019\/05\/cropped-logo-AFIE-3.png","width":555,"height":459,"caption":"AFIE"},"image":{"@id":"https:\/\/afie-asso.fr\/#\/schema\/logo\/image\/"}}]}},"rttpg_featured_image_url":null,"rttpg_author":{"display_name":"M\u00e9lanie","author_link":"https:\/\/afie-asso.fr\/index.php\/author\/admin6654\/"},"rttpg_comment":0,"rttpg_category":null,"rttpg_excerpt":"AFIE l&rsquo;Association Fran\u00e7aise Interprofessionnelle des \u00c9cologues Actualit\u00e9s Retrouvez ci-dessous les actualit\u00e9s de l&rsquo;AFIE !","_links":{"self":[{"href":"https:\/\/afie-asso.fr\/index.php\/wp-json\/wp\/v2\/pages\/930","targetHints":{"allow":["GET"]}}],"collection":[{"href":"https:\/\/afie-asso.fr\/index.php\/wp-json\/wp\/v2\/pages"}],"about":[{"href":"https:\/\/afie-asso.fr\/index.php\/wp-json\/wp\/v2\/types\/page"}],"author":[{"embeddable":true,"href":"https:\/\/afie-asso.fr\/index.php\/wp-json\/wp\/v2\/users\/1"}],"replies":[{"embeddable":true,"href":"https:\/\/afie-asso.fr\/index.php\/wp-json\/wp\/v2\/comments?post=930"}],"version-history":[{"count":9,"href":"https:\/\/afie-asso.fr\/index.php\/wp-json\/wp\/v2\/pages\/930\/revisions"}],"predecessor-version":[{"id":1579,"href":"https:\/\/afie-asso.fr\/index.php\/wp-json\/wp\/v2\/pages\/930\/revisions\/1579"}],"wp:attachment":[{"href":"https:\/\/afie-asso.fr\/index.php\/wp-json\/wp\/v2\/media?parent=930"}],"curies":[{"name":"wp","href":"https:\/\/api.w.org\/{rel}","templated":true}]}}