{"id":149,"date":"2019-05-07T09:42:29","date_gmt":"2019-05-07T07:42:29","guid":{"rendered":"http:\/\/afie-asso.fr\/?page_id=149"},"modified":"2021-11-08T16:03:23","modified_gmt":"2021-11-08T15:03:23","slug":"vos-administrateurs","status":"publish","type":"page","link":"https:\/\/afie-asso.fr\/index.php\/presentation-de-lafie\/vos-administrateurs\/","title":{"rendered":"Vos administrateurs et administratrices"},"content":{"rendered":"\n<h1 class=\"wp-block-heading\">Collectif de direction<\/h1>\n\n\n\n<p>Pour en savoir plus sur ce nouveau mode de gouvernance, c&rsquo;est <a href=\"https:\/\/afie-asso.fr\/index.php\/2021\/10\/09\/lafie-se-dote-de-nouveaux-statuts\/\" target=\"_blank\" rel=\"noreferrer noopener\">par ici<\/a>&#8230;<\/p>\n\n\n\n<p><a href=\"http:\/\/&lt;style media=&quot;screen&quot;&gt;\r\n.tc_overlay {\r\n  background-color:rgb(0,0,0);\r\n}\r\n.tc_member-col-single{\r\n  height:rgb(0,0,0)px;\r\n}\r\n&lt;\/style&gt;\"><style media=\"screen\">\r\n.tc_overlay {\r\n  background-color:rgba(0,0,0,0.7);\r\n}\r\n.tc_member-col-single{\r\n  height:rgba(0,0,0,0.7)px;\r\n}\r\n<\/style><div class=\"tc_team-members\"><div class=\"tc_team-member tc_member-col-single tc_text-center\"><div class=\"tc_member-thumb\"><img decoding=\"async\" src=\"http:\/\/afie-asso.fr\/wp-content\/uploads\/2019\/07\/sylvain_moulherat.jpg\" alt=\"Sylvain Moulherat\" \/><div class=\"tc_overlay\"><h3>Sylvain Moulherat<\/h3><h4 class=\"tc_job_role\">Membre du Collectif de direction<\/h4><p class=\"tc_member-p\">Directeur g\u00e9n\u00e9ral et responsable scientifique (PhD) chez TerrO\u00efko<\/p><ul class=\"tc_social-links tc_text-center\"><li><a class=\"linkedin round-corner fill\" href=\"https:\/\/www.linkedin.com\/in\/sylvain-moulherat-45a55482\/\"><i class=\"fa fa-linkedin fa-lg\"><\/i><\/a><\/li><\/ul><\/div><\/div><h3>Sylvain Moulherat<\/h3><p>Membre du Collectif de direction<\/p><\/div><div class=\"tc_team-member tc_member-col-single tc_text-center\"><div class=\"tc_member-thumb\"><img decoding=\"async\" src=\"https:\/\/afie-asso.fr\/wp-content\/uploads\/2024\/02\/Jules_Boileau.jpeg\" alt=\"Jules Boileau\" \/><div class=\"tc_overlay\"><h3>Jules Boileau<\/h3><h4 class=\"tc_job_role\">Membre du Collectif de direction<\/h4><p class=\"tc_member-p\">Assistant chef de projet (TerrO\u00efko)<\/p><ul class=\"tc_social-links tc_text-center\"><li><a class=\"linkedin round-corner fill\" href=\"https:\/\/www.linkedin.com\/in\/jules-boileau-57721410a\/\"><i class=\"fa fa-linkedin fa-lg\"><\/i><\/a><\/li><\/ul><\/div><\/div><h3>Jules Boileau<\/h3><p>Membre du Collectif de direction<\/p><\/div><div class=\"tc_team-member tc_member-col-single tc_text-center\"><div class=\"tc_member-thumb\"><img decoding=\"async\" src=\"https:\/\/afie-asso.fr\/wp-content\/uploads\/2025\/10\/robin_chalot-e1760436132237.jpg\" alt=\"Robin Chalot\" \/><div class=\"tc_overlay\"><h3>Robin Chalot<\/h3><h4 class=\"tc_job_role\">Membre du Collectif de direction<\/h4><p class=\"tc_member-p\">\u00c9cologue et urbaniste, consultant ind\u00e9pendant (Lichen)<\/p><ul class=\"tc_social-links tc_text-center\"><li><a class=\"linkedin round-corner fill\" href=\"https:\/\/www.linkedin.com\/in\/robin-chalot-344b1642\/?originalSubdomain=fr\"><i class=\"fa fa-linkedin fa-lg\"><\/i><\/a><\/li><\/ul><\/div><\/div><h3>Robin Chalot<\/h3><p>Membre du Collectif de direction<\/p><\/div><\/div><div style=\"clear:both;\"><\/div><\/a><\/p>\n\n\n\n<h1 class=\"wp-block-heading\">Administrateurs et administratrices<\/h1>\n\n\n\n<p>Aux membres du Collectif de direction s\u2019ajoutent les administrateurs suivants : <\/p>\n\n\n<style media=\"screen\">\r\n.tc_overlay {\r\n  background-color:rgba(0,0,0,0.7);\r\n}\r\n.tc_member-col-single{\r\n  height:rgba(0,0,0,0.7)px;\r\n}\r\n<\/style><div class=\"tc_team-members\"><div class=\"tc_team-member tc_member-col-single tc_text-center\"><div class=\"tc_member-thumb\"><img decoding=\"async\" src=\"https:\/\/afie-asso.fr\/wp-content\/uploads\/2024\/02\/Blanche_Gomez.jpeg\" alt=\"Blanche Gomez\" \/><div class=\"tc_overlay\"><h3>Blanche Gomez<\/h3><h4 class=\"tc_job_role\">Administratrice<\/h4><p class=\"tc_member-p\">Coordinatrice du programme r\u00e9gional \"VARUNA - Agir ensemble pour la biodiversit\u00e9 dans l'oc\u00e9an Indien\" (Expe<\/p><ul class=\"tc_social-links tc_text-center\"><li><a class=\"linkedin round-corner fill\" href=\"https:\/\/fr.linkedin.com\/in\/blanche-gomez-20456414\/\"><i class=\"fa fa-linkedin fa-lg\"><\/i><\/a><\/li><\/ul><\/div><\/div><h3>Blanche Gomez<\/h3><p>Administratrice<\/p><\/div><div class=\"tc_team-member tc_member-col-single tc_text-center\"><div class=\"tc_member-thumb\"><img decoding=\"async\" src=\"https:\/\/afie-asso.fr\/wp-content\/uploads\/2020\/09\/VWi-07.2020_300x300.jpg\" alt=\"Val\u00e9rie Wiorek\" \/><div class=\"tc_overlay\"><h3>Val\u00e9rie Wiorek<\/h3><h4 class=\"tc_job_role\">Administratrice<\/h4><p class=\"tc_member-p\">Directrice de l'Antenne de Besan\u00e7on \/ P\u00f4le-relais tourbi\u00e8res (FCEN)<\/p><ul class=\"tc_social-links tc_text-center\"><li><a class=\"linkedin round-corner fill\" href=\"https:\/\/www.linkedin.com\/in\/valerie-wiorek-strubel-41920427\/\"><i class=\"fa fa-linkedin fa-lg\"><\/i><\/a><\/li><\/ul><\/div><\/div><h3>Val\u00e9rie Wiorek<\/h3><p>Administratrice<\/p><\/div><div class=\"tc_team-member tc_member-col-single tc_text-center\"><div class=\"tc_member-thumb\"><img decoding=\"async\" src=\"https:\/\/afie-asso.fr\/wp-content\/uploads\/2024\/02\/Cedric_Fagot.jpeg\" alt=\"C\u00e9dric Fagot\" \/><div class=\"tc_overlay\"><h3>C\u00e9dric Fagot<\/h3><h4 class=\"tc_job_role\">Administrateur<\/h4><p class=\"tc_member-p\">Expert technique Eau (AZELLUS)<\/p><ul class=\"tc_social-links tc_text-center\"><li><a class=\"linkedin round-corner fill\" href=\"https:\/\/www.linkedin.com\/in\/cdric-fagot-948641128\/\"><i class=\"fa fa-linkedin fa-lg\"><\/i><\/a><\/li><\/ul><\/div><\/div><h3>C\u00e9dric Fagot<\/h3><p>Administrateur<\/p><\/div><div class=\"tc_team-member tc_member-col-single tc_text-center\"><div class=\"tc_member-thumb\"><img decoding=\"async\" src=\"http:\/\/afie-asso.fr\/wp-content\/uploads\/2020\/09\/VHU_0130_300x300.jpg\" alt=\"Vincent Hulin\" \/><div class=\"tc_overlay\"><h3>Vincent Hulin<\/h3><h4 class=\"tc_job_role\">Administrateur<\/h4><p class=\"tc_member-p\">Expert en politiques publiques eau et biodiversit\u00e9 au Secr\u00e9tariat g\u00e9n\u00e9ral \u00e0 la Planification \u00c9cologique<\/p><ul class=\"tc_social-links tc_text-center\"><li><a class=\"linkedin round-corner fill\" href=\"https:\/\/www.linkedin.com\/in\/vincent-hulin-3241353a\"><i class=\"fa fa-linkedin fa-lg\"><\/i><\/a><\/li><\/ul><\/div><\/div><h3>Vincent Hulin<\/h3><p>Administrateur<\/p><\/div><div class=\"tc_team-member tc_member-col-single tc_text-center\"><div class=\"tc_member-thumb\"><img decoding=\"async\" src=\"https:\/\/afie-asso.fr\/wp-content\/uploads\/2024\/02\/Alan_Meheust.jpeg\" alt=\"Alan Meheust\" \/><div class=\"tc_overlay\"><h3>Alan Meheust<\/h3><h4 class=\"tc_job_role\">Administrateur<\/h4><p class=\"tc_member-p\">Charg\u00e9 de mission animation territoriale biodiversit\u00e9 (ARB Centre-Val de Loire)<\/p><ul class=\"tc_social-links tc_text-center\"><li><a class=\"linkedin round-corner fill\" href=\"https:\/\/www.linkedin.com\/in\/alan-mheust-4093b4104\/\"><i class=\"fa fa-linkedin fa-lg\"><\/i><\/a><\/li><\/ul><\/div><\/div><h3>Alan Meheust<\/h3><p>Administrateur<\/p><\/div><div class=\"tc_team-member tc_member-col-single tc_text-center\"><div class=\"tc_member-thumb\"><img decoding=\"async\" src=\"http:\/\/afie-asso.fr\/wp-content\/uploads\/2019\/07\/thierry_mougey.jpg\" alt=\"Thierry Mougey\" \/><div class=\"tc_overlay\"><h3>Thierry Mougey<\/h3><h4 class=\"tc_job_role\">Administrateur<\/h4><p class=\"tc_member-p\">Charg\u00e9 de mission Biodiversit\u00e9 et gestion de l'espace (F\u00e9d\u00e9ration des PNR de France)<\/p><ul class=\"tc_social-links tc_text-center\"><li><a class=\"linkedin round-corner fill\" href=\"https:\/\/www.linkedin.com\/in\/thierry-mougey-58b7a938\/\"><i class=\"fa fa-linkedin fa-lg\"><\/i><\/a><\/li><\/ul><\/div><\/div><h3>Thierry Mougey<\/h3><p>Administrateur<\/p><\/div><div class=\"tc_team-member tc_member-col-single tc_text-center\"><div class=\"tc_member-thumb\"><img decoding=\"async\" src=\"https:\/\/afie-asso.fr\/wp-content\/uploads\/2024\/02\/Pierre-Antoine_Thevenin.png\" alt=\"Pierre-Antoine Th\u00e9venin\" \/><div class=\"tc_overlay\"><h3>Pierre-Antoine Th\u00e9venin<\/h3><h4 class=\"tc_job_role\">Administrateur<\/h4><p class=\"tc_member-p\">Chef de projets en \u00e9cologie urbaine (Ecologie Urbaine et Citoyenne)<\/p><ul class=\"tc_social-links tc_text-center\"><li><a class=\"linkedin round-corner fill\" href=\"https:\/\/www.linkedin.com\/in\/pierre-antoine-thevenin-495b0093\/\"><i class=\"fa fa-linkedin fa-lg\"><\/i><\/a><\/li><\/ul><\/div><\/div><h3>Pierre-Antoine Th\u00e9venin<\/h3><p>Administrateur<\/p><\/div><div class=\"tc_team-member tc_member-col-single tc_text-center\"><div class=\"tc_member-thumb\"><img decoding=\"async\" src=\"https:\/\/afie-asso.fr\/wp-content\/uploads\/2025\/10\/1651188134227.jpg\" alt=\"C\u00e9line Eson\" \/><div class=\"tc_overlay\"><h3>C\u00e9line Eson<\/h3><h4 class=\"tc_job_role\">Administratrice<\/h4><p class=\"tc_member-p\">Sustainable Development Expert, Biosphera Consulting<\/p><ul class=\"tc_social-links tc_text-center\"><li><a class=\"linkedin round-corner fill\" href=\"https:\/\/www.linkedin.com\/in\/celine-eson\/\"><i class=\"fa fa-linkedin fa-lg\"><\/i><\/a><\/li><\/ul><\/div><\/div><h3>C\u00e9line Eson<\/h3><p>Administratrice<\/p><\/div><div class=\"tc_team-member tc_member-col-single tc_text-center\"><div class=\"tc_member-thumb\"><img decoding=\"async\" src=\"https:\/\/afie-asso.fr\/wp-content\/uploads\/2025\/10\/1676452992614.jpg\" alt=\"Paule Gaudouin\" \/><div class=\"tc_overlay\"><h3>Paule Gaudouin<\/h3><h4 class=\"tc_job_role\">Administratrice<\/h4><p class=\"tc_member-p\">Ecologue &amp; ma\u00eetre-chien pour la conservation de la nature<\/p><ul class=\"tc_social-links tc_text-center\"><li><a class=\"linkedin round-corner fill\" href=\"https:\/\/www.linkedin.com\/in\/paule-gaudouin\/\"><i class=\"fa fa-linkedin fa-lg\"><\/i><\/a><\/li><\/ul><\/div><\/div><h3>Paule Gaudouin<\/h3><p>Administratrice<\/p><\/div><\/div><div style=\"clear:both;\"><\/div>\n\n\n\n<h1 class=\"wp-block-heading\">Pr\u00e9sidents d&rsquo;honneur<\/h1>\n\n\n<style media=\"screen\">\r\n.tc_overlay {\r\n  background-color:rgba(0,0,0,0.7);\r\n}\r\n.tc_member-col-single{\r\n  height:rgba(0,0,0,0.7)px;\r\n}\r\n<\/style><div class=\"tc_team-members\"><div class=\"tc_team-member tc_member-col-single tc_text-center\"><div class=\"tc_member-thumb\"><img decoding=\"async\" src=\"http:\/\/afie-asso.fr\/wp-content\/uploads\/2020\/05\/philippe_lagauterie2.jpg\" alt=\"Philippe Lagauterie\" \/><div class=\"tc_overlay\"><h3>Philippe Lagauterie<\/h3><h4 class=\"tc_job_role\">Pr\u00e9sident d&#039;honneur<\/h4><ul class=\"tc_social-links tc_text-center\"><\/ul><\/div><\/div><h3>Philippe Lagauterie<\/h3><p>Pr\u00e9sident d&#039;honneur<\/p><\/div><div class=\"tc_team-member tc_member-col-single tc_text-center\"><div class=\"tc_member-thumb\"><img decoding=\"async\" src=\"http:\/\/afie-asso.fr\/wp-content\/uploads\/2020\/05\/jean-marc_gasperi2.jpg\" alt=\"Jean-Marc Gasperi\" \/><div class=\"tc_overlay\"><h3>Jean-Marc Gasperi<\/h3><h4 class=\"tc_job_role\">Pr\u00e9sident d&#039;honneur<\/h4><ul class=\"tc_social-links tc_text-center\"><\/ul><\/div><\/div><h3>Jean-Marc Gasperi<\/h3><p>Pr\u00e9sident d&#039;honneur<\/p><\/div><div class=\"tc_team-member tc_member-col-single tc_text-center\"><div class=\"tc_member-thumb\"><img decoding=\"async\" src=\"http:\/\/afie-asso.fr\/wp-content\/uploads\/2019\/07\/louis-philippe_blervacque.jpg\" alt=\"Louis-Philippe Blervacque\" \/><div class=\"tc_overlay\"><h3>Louis-Philippe Blervacque<\/h3><h4 class=\"tc_job_role\">Pr\u00e9sident d&#039;honneur<\/h4><ul class=\"tc_social-links tc_text-center\"><li><a class=\"linkedin round-corner fill\" href=\"https:\/\/www.linkedin.com\/in\/louis-philippe-blervacque-787213128\/\"><i class=\"fa fa-linkedin fa-lg\"><\/i><\/a><\/li><\/ul><\/div><\/div><h3>Louis-Philippe Blervacque<\/h3><p>Pr\u00e9sident d&#039;honneur<\/p><\/div><\/div><div style=\"clear:both;\"><\/div>\n\n\n\n<h1 class=\"wp-block-heading\">Super assistante<\/h1>\n\n\n\n<style media=\"screen\">\r\n.tc_overlay {\r\n  background-color:rgba(0,0,0,0.7);\r\n}\r\n.tc_member-col-single{\r\n  height:rgba(0,0,0,0.7)px;\r\n}\r\n<\/style><div class=\"tc_team-members\"><div class=\"tc_team-member tc_member-col-single tc_text-center\"><div class=\"tc_member-thumb\"><img decoding=\"async\" src=\"http:\/\/afie-asso.fr\/wp-content\/uploads\/2019\/07\/melanie_cornet.jpg\" alt=\"M\u00e9lanie Cornet\" \/><div class=\"tc_overlay\"><h3>M\u00e9lanie Cornet<\/h3><h4 class=\"tc_job_role\">Charg\u00e9e de mission<\/h4><p class=\"tc_member-p\">Ecologue, consultante ind\u00e9pendante<\/p><ul class=\"tc_social-links tc_text-center\"><li><a class=\"linkedin round-corner fill\" href=\"https:\/\/www.linkedin.com\/in\/melanie-cornet-6b290114\/\"><i class=\"fa fa-linkedin fa-lg\"><\/i><\/a><\/li><\/ul><\/div><\/div><h3>M\u00e9lanie Cornet<\/h3><p>Charg\u00e9e de mission<\/p><\/div><\/div><div style=\"clear:both;\"><\/div>\n","protected":false},"excerpt":{"rendered":"<p>Collectif de direction Pour en savoir plus sur ce nouveau mode de gouvernance, c&rsquo;est par ici&#8230; Administrateurs et administratrices Aux membres du Collectif de direction s\u2019ajoutent les administrateurs suivants : Pr\u00e9sidents d&rsquo;honneur Super assistante<\/p>\n","protected":false},"author":1,"featured_media":0,"parent":23,"menu_order":4,"comment_status":"closed","ping_status":"closed","template":"fullwidth.php","meta":{"footnotes":""},"class_list":["post-149","page","type-page","status-publish","hentry"],"yoast_head":"<!-- This site is optimized with the Yoast SEO plugin v27.5 - https:\/\/yoast.com\/product\/yoast-seo-wordpress\/ -->\n<title>Vos administrateurs et administratrices - AFIE<\/title>\n<meta name=\"robots\" content=\"index, follow, max-snippet:-1, max-image-preview:large, max-video-preview:-1\" \/>\n<link rel=\"canonical\" href=\"https:\/\/afie-asso.fr\/index.php\/presentation-de-lafie\/vos-administrateurs\/\" \/>\n<meta property=\"og:locale\" content=\"fr_FR\" \/>\n<meta property=\"og:type\" content=\"article\" \/>\n<meta property=\"og:title\" content=\"Vos administrateurs et administratrices - AFIE\" \/>\n<meta property=\"og:description\" content=\"Collectif de direction Pour en savoir plus sur ce nouveau mode de gouvernance, c&rsquo;est par ici&#8230; Administrateurs et administratrices Aux membres du Collectif de direction s\u2019ajoutent les administrateurs suivants : Pr\u00e9sidents d&rsquo;honneur Super assistante\" \/>\n<meta property=\"og:url\" content=\"https:\/\/afie-asso.fr\/index.php\/presentation-de-lafie\/vos-administrateurs\/\" \/>\n<meta property=\"og:site_name\" content=\"AFIE\" \/>\n<meta property=\"article:modified_time\" content=\"2021-11-08T15:03:23+00:00\" \/>\n<meta name=\"twitter:card\" content=\"summary_large_image\" \/>\n<meta name=\"twitter:label1\" content=\"Dur\u00e9e de lecture estim\u00e9e\" \/>\n\t<meta name=\"twitter:data1\" content=\"1 minute\" \/>\n<script type=\"application\/ld+json\" class=\"yoast-schema-graph\">{\"@context\":\"https:\\\/\\\/schema.org\",\"@graph\":[{\"@type\":\"WebPage\",\"@id\":\"https:\\\/\\\/afie-asso.fr\\\/index.php\\\/presentation-de-lafie\\\/vos-administrateurs\\\/\",\"url\":\"https:\\\/\\\/afie-asso.fr\\\/index.php\\\/presentation-de-lafie\\\/vos-administrateurs\\\/\",\"name\":\"Vos administrateurs et administratrices - AFIE\",\"isPartOf\":{\"@id\":\"https:\\\/\\\/afie-asso.fr\\\/#website\"},\"datePublished\":\"2019-05-07T07:42:29+00:00\",\"dateModified\":\"2021-11-08T15:03:23+00:00\",\"breadcrumb\":{\"@id\":\"https:\\\/\\\/afie-asso.fr\\\/index.php\\\/presentation-de-lafie\\\/vos-administrateurs\\\/#breadcrumb\"},\"inLanguage\":\"fr-FR\",\"potentialAction\":[{\"@type\":\"ReadAction\",\"target\":[\"https:\\\/\\\/afie-asso.fr\\\/index.php\\\/presentation-de-lafie\\\/vos-administrateurs\\\/\"]}]},{\"@type\":\"BreadcrumbList\",\"@id\":\"https:\\\/\\\/afie-asso.fr\\\/index.php\\\/presentation-de-lafie\\\/vos-administrateurs\\\/#breadcrumb\",\"itemListElement\":[{\"@type\":\"ListItem\",\"position\":1,\"name\":\"Accueil\",\"item\":\"https:\\\/\\\/afie-asso.fr\\\/\"},{\"@type\":\"ListItem\",\"position\":2,\"name\":\"Pr\u00e9sentation de l&rsquo;AFIE\",\"item\":\"https:\\\/\\\/afie-asso.fr\\\/index.php\\\/presentation-de-lafie\\\/\"},{\"@type\":\"ListItem\",\"position\":3,\"name\":\"Vos administrateurs et administratrices\"}]},{\"@type\":\"WebSite\",\"@id\":\"https:\\\/\\\/afie-asso.fr\\\/#website\",\"url\":\"https:\\\/\\\/afie-asso.fr\\\/\",\"name\":\"AFIE\",\"description\":\"Association Fran\u00e7aise Interprofessionnelle des Ecologues\",\"publisher\":{\"@id\":\"https:\\\/\\\/afie-asso.fr\\\/#organization\"},\"potentialAction\":[{\"@type\":\"SearchAction\",\"target\":{\"@type\":\"EntryPoint\",\"urlTemplate\":\"https:\\\/\\\/afie-asso.fr\\\/?s={search_term_string}\"},\"query-input\":{\"@type\":\"PropertyValueSpecification\",\"valueRequired\":true,\"valueName\":\"search_term_string\"}}],\"inLanguage\":\"fr-FR\"},{\"@type\":\"Organization\",\"@id\":\"https:\\\/\\\/afie-asso.fr\\\/#organization\",\"name\":\"AFIE\",\"url\":\"https:\\\/\\\/afie-asso.fr\\\/\",\"logo\":{\"@type\":\"ImageObject\",\"inLanguage\":\"fr-FR\",\"@id\":\"https:\\\/\\\/afie-asso.fr\\\/#\\\/schema\\\/logo\\\/image\\\/\",\"url\":\"https:\\\/\\\/afie-asso.fr\\\/wp-content\\\/uploads\\\/2019\\\/05\\\/cropped-logo-AFIE-3.png\",\"contentUrl\":\"https:\\\/\\\/afie-asso.fr\\\/wp-content\\\/uploads\\\/2019\\\/05\\\/cropped-logo-AFIE-3.png\",\"width\":555,\"height\":459,\"caption\":\"AFIE\"},\"image\":{\"@id\":\"https:\\\/\\\/afie-asso.fr\\\/#\\\/schema\\\/logo\\\/image\\\/\"}}]}<\/script>\n<!-- \/ Yoast SEO plugin. -->","yoast_head_json":{"title":"Vos administrateurs et administratrices - AFIE","robots":{"index":"index","follow":"follow","max-snippet":"max-snippet:-1","max-image-preview":"max-image-preview:large","max-video-preview":"max-video-preview:-1"},"canonical":"https:\/\/afie-asso.fr\/index.php\/presentation-de-lafie\/vos-administrateurs\/","og_locale":"fr_FR","og_type":"article","og_title":"Vos administrateurs et administratrices - AFIE","og_description":"Collectif de direction Pour en savoir plus sur ce nouveau mode de gouvernance, c&rsquo;est par ici&#8230; Administrateurs et administratrices Aux membres du Collectif de direction s\u2019ajoutent les administrateurs suivants : Pr\u00e9sidents d&rsquo;honneur Super assistante","og_url":"https:\/\/afie-asso.fr\/index.php\/presentation-de-lafie\/vos-administrateurs\/","og_site_name":"AFIE","article_modified_time":"2021-11-08T15:03:23+00:00","twitter_card":"summary_large_image","twitter_misc":{"Dur\u00e9e de lecture estim\u00e9e":"1 minute"},"schema":{"@context":"https:\/\/schema.org","@graph":[{"@type":"WebPage","@id":"https:\/\/afie-asso.fr\/index.php\/presentation-de-lafie\/vos-administrateurs\/","url":"https:\/\/afie-asso.fr\/index.php\/presentation-de-lafie\/vos-administrateurs\/","name":"Vos administrateurs et administratrices - AFIE","isPartOf":{"@id":"https:\/\/afie-asso.fr\/#website"},"datePublished":"2019-05-07T07:42:29+00:00","dateModified":"2021-11-08T15:03:23+00:00","breadcrumb":{"@id":"https:\/\/afie-asso.fr\/index.php\/presentation-de-lafie\/vos-administrateurs\/#breadcrumb"},"inLanguage":"fr-FR","potentialAction":[{"@type":"ReadAction","target":["https:\/\/afie-asso.fr\/index.php\/presentation-de-lafie\/vos-administrateurs\/"]}]},{"@type":"BreadcrumbList","@id":"https:\/\/afie-asso.fr\/index.php\/presentation-de-lafie\/vos-administrateurs\/#breadcrumb","itemListElement":[{"@type":"ListItem","position":1,"name":"Accueil","item":"https:\/\/afie-asso.fr\/"},{"@type":"ListItem","position":2,"name":"Pr\u00e9sentation de l&rsquo;AFIE","item":"https:\/\/afie-asso.fr\/index.php\/presentation-de-lafie\/"},{"@type":"ListItem","position":3,"name":"Vos administrateurs et administratrices"}]},{"@type":"WebSite","@id":"https:\/\/afie-asso.fr\/#website","url":"https:\/\/afie-asso.fr\/","name":"AFIE","description":"Association Fran\u00e7aise Interprofessionnelle des Ecologues","publisher":{"@id":"https:\/\/afie-asso.fr\/#organization"},"potentialAction":[{"@type":"SearchAction","target":{"@type":"EntryPoint","urlTemplate":"https:\/\/afie-asso.fr\/?s={search_term_string}"},"query-input":{"@type":"PropertyValueSpecification","valueRequired":true,"valueName":"search_term_string"}}],"inLanguage":"fr-FR"},{"@type":"Organization","@id":"https:\/\/afie-asso.fr\/#organization","name":"AFIE","url":"https:\/\/afie-asso.fr\/","logo":{"@type":"ImageObject","inLanguage":"fr-FR","@id":"https:\/\/afie-asso.fr\/#\/schema\/logo\/image\/","url":"https:\/\/afie-asso.fr\/wp-content\/uploads\/2019\/05\/cropped-logo-AFIE-3.png","contentUrl":"https:\/\/afie-asso.fr\/wp-content\/uploads\/2019\/05\/cropped-logo-AFIE-3.png","width":555,"height":459,"caption":"AFIE"},"image":{"@id":"https:\/\/afie-asso.fr\/#\/schema\/logo\/image\/"}}]}},"rttpg_featured_image_url":null,"rttpg_author":{"display_name":"M\u00e9lanie","author_link":"https:\/\/afie-asso.fr\/index.php\/author\/admin6654\/"},"rttpg_comment":0,"rttpg_category":null,"rttpg_excerpt":"Collectif de direction Pour en savoir plus sur ce nouveau mode de gouvernance, c&rsquo;est par ici&#8230; Administrateurs et administratrices Aux membres du Collectif de direction s\u2019ajoutent les administrateurs suivants : Pr\u00e9sidents d&rsquo;honneur Super assistante","_links":{"self":[{"href":"https:\/\/afie-asso.fr\/index.php\/wp-json\/wp\/v2\/pages\/149","targetHints":{"allow":["GET"]}}],"collection":[{"href":"https:\/\/afie-asso.fr\/index.php\/wp-json\/wp\/v2\/pages"}],"about":[{"href":"https:\/\/afie-asso.fr\/index.php\/wp-json\/wp\/v2\/types\/page"}],"author":[{"embeddable":true,"href":"https:\/\/afie-asso.fr\/index.php\/wp-json\/wp\/v2\/users\/1"}],"replies":[{"embeddable":true,"href":"https:\/\/afie-asso.fr\/index.php\/wp-json\/wp\/v2\/comments?post=149"}],"version-history":[{"count":22,"href":"https:\/\/afie-asso.fr\/index.php\/wp-json\/wp\/v2\/pages\/149\/revisions"}],"predecessor-version":[{"id":1285,"href":"https:\/\/afie-asso.fr\/index.php\/wp-json\/wp\/v2\/pages\/149\/revisions\/1285"}],"up":[{"embeddable":true,"href":"https:\/\/afie-asso.fr\/index.php\/wp-json\/wp\/v2\/pages\/23"}],"wp:attachment":[{"href":"https:\/\/afie-asso.fr\/index.php\/wp-json\/wp\/v2\/media?parent=149"}],"curies":[{"name":"wp","href":"https:\/\/api.w.org\/{rel}","templated":true}]}}