{"version":"1.0","provider_name":"AFIE","provider_url":"https:\/\/afie-asso.fr","author_name":"Blanche GOMEZ","author_url":"https:\/\/afie-asso.fr\/index.php\/author\/blanche\/","title":"L\u2019AFIE au bureau du Comit\u00e9 National de la Biodiversit\u00e9 - AFIE","type":"rich","width":600,"height":338,"html":"<blockquote class=\"wp-embedded-content\" data-secret=\"HaP3JFCV7y\"><a href=\"https:\/\/afie-asso.fr\/index.php\/2020\/09\/12\/lafie-au-bureau-du-comite-national-biodiversite\/\">L\u2019AFIE au bureau du Comit\u00e9 National de la Biodiversit\u00e9<\/a><\/blockquote><iframe sandbox=\"allow-scripts\" security=\"restricted\" src=\"https:\/\/afie-asso.fr\/index.php\/2020\/09\/12\/lafie-au-bureau-du-comite-national-biodiversite\/embed\/#?secret=HaP3JFCV7y\" width=\"600\" height=\"338\" title=\"\u00ab\u00a0L\u2019AFIE au bureau du Comit\u00e9 National de la Biodiversit\u00e9\u00a0\u00bb &#8212; AFIE\" data-secret=\"HaP3JFCV7y\" frameborder=\"0\" marginwidth=\"0\" marginheight=\"0\" scrolling=\"no\" class=\"wp-embedded-content\"><\/iframe><script type=\"text\/javascript\">\n\/* <![CDATA[ *\/\n\/*! This file is auto-generated *\/\n!function(d,l){\"use strict\";l.querySelector&&d.addEventListener&&\"undefined\"!=typeof URL&&(d.wp=d.wp||{},d.wp.receiveEmbedMessage||(d.wp.receiveEmbedMessage=function(e){var t=e.data;if((t||t.secret||t.message||t.value)&&!\/[^a-zA-Z0-9]\/.test(t.secret)){for(var s,r,n,a=l.querySelectorAll('iframe[data-secret=\"'+t.secret+'\"]'),o=l.querySelectorAll('blockquote[data-secret=\"'+t.secret+'\"]'),c=new RegExp(\"^https?:$\",\"i\"),i=0;i<o.length;i++)o[i].style.display=\"none\";for(i=0;i<a.length;i++)s=a[i],e.source===s.contentWindow&&(s.removeAttribute(\"style\"),\"height\"===t.message?(1e3<(r=parseInt(t.value,10))?r=1e3:~~r<200&&(r=200),s.height=r):\"link\"===t.message&&(r=new URL(s.getAttribute(\"src\")),n=new URL(t.value),c.test(n.protocol))&&n.host===r.host&&l.activeElement===s&&(d.top.location.href=t.value))}},d.addEventListener(\"message\",d.wp.receiveEmbedMessage,!1),l.addEventListener(\"DOMContentLoaded\",function(){for(var e,t,s=l.querySelectorAll(\"iframe.wp-embedded-content\"),r=0;r<s.length;r++)(t=(e=s[r]).getAttribute(\"data-secret\"))||(t=Math.random().toString(36).substring(2,12),e.src+=\"#?secret=\"+t,e.setAttribute(\"data-secret\",t)),e.contentWindow.postMessage({message:\"ready\",secret:t},\"*\")},!1)))}(window,document);\n\/\/# sourceURL=https:\/\/afie-asso.fr\/wp-includes\/js\/wp-embed.min.js\n\/* ]]> *\/\n<\/script>\n","thumbnail_url":"https:\/\/afie-asso.fr\/wp-content\/uploads\/2020\/06\/CNB2.png","thumbnail_width":276,"thumbnail_height":182,"description":"Blanche GOMEZ, repr\u00e9sentante de l\u2019AFIE, est co-pilote de la commission sp\u00e9cialis\u00e9e \u00ab\u00a0Connaissance de la biodiversit\u00e9, syst\u00e8mes d\u2019information, diffusion et \u00e9ducation\u00a0\u00bb (CS1) du Comit\u00e9 National Biodiversit\u00e9 et si\u00e8ge \u00e0 ce titre au bureau du CNB. Afin d\u2019assurer une bonne reprise du CNB apr\u00e8s une p\u00e9riode compliqu\u00e9e li\u00e9e \u00e0 la Covid-19, le bureau s\u2019est r\u00e9uni le 7 [&hellip;]"}