{"version":"1.0","provider_name":"AFIE","provider_url":"https:\/\/afie-asso.fr","author_name":"M\u00e9lanie","author_url":"https:\/\/afie-asso.fr\/index.php\/author\/admin6654\/","title":"L'AFIE au comit\u00e9 de labellisation Ecojardin - AFIE","type":"rich","width":600,"height":338,"html":"<blockquote class=\"wp-embedded-content\" data-secret=\"G8W7beXV1G\"><a href=\"https:\/\/afie-asso.fr\/index.php\/2019\/07\/16\/afie-psce-2\/\">L&rsquo;AFIE au comit\u00e9 de labellisation Ecojardin<\/a><\/blockquote><iframe sandbox=\"allow-scripts\" security=\"restricted\" src=\"https:\/\/afie-asso.fr\/index.php\/2019\/07\/16\/afie-psce-2\/embed\/#?secret=G8W7beXV1G\" width=\"600\" height=\"338\" title=\"\u00ab\u00a0L&rsquo;AFIE au comit\u00e9 de labellisation Ecojardin\u00a0\u00bb &#8212; AFIE\" data-secret=\"G8W7beXV1G\" frameborder=\"0\" marginwidth=\"0\" marginheight=\"0\" scrolling=\"no\" class=\"wp-embedded-content\"><\/iframe><script type=\"text\/javascript\">\n\/* <![CDATA[ *\/\n\/*! This file is auto-generated *\/\n!function(d,l){\"use strict\";l.querySelector&&d.addEventListener&&\"undefined\"!=typeof URL&&(d.wp=d.wp||{},d.wp.receiveEmbedMessage||(d.wp.receiveEmbedMessage=function(e){var t=e.data;if((t||t.secret||t.message||t.value)&&!\/[^a-zA-Z0-9]\/.test(t.secret)){for(var s,r,n,a=l.querySelectorAll('iframe[data-secret=\"'+t.secret+'\"]'),o=l.querySelectorAll('blockquote[data-secret=\"'+t.secret+'\"]'),c=new RegExp(\"^https?:$\",\"i\"),i=0;i<o.length;i++)o[i].style.display=\"none\";for(i=0;i<a.length;i++)s=a[i],e.source===s.contentWindow&&(s.removeAttribute(\"style\"),\"height\"===t.message?(1e3<(r=parseInt(t.value,10))?r=1e3:~~r<200&&(r=200),s.height=r):\"link\"===t.message&&(r=new URL(s.getAttribute(\"src\")),n=new URL(t.value),c.test(n.protocol))&&n.host===r.host&&l.activeElement===s&&(d.top.location.href=t.value))}},d.addEventListener(\"message\",d.wp.receiveEmbedMessage,!1),l.addEventListener(\"DOMContentLoaded\",function(){for(var e,t,s=l.querySelectorAll(\"iframe.wp-embedded-content\"),r=0;r<s.length;r++)(t=(e=s[r]).getAttribute(\"data-secret\"))||(t=Math.random().toString(36).substring(2,12),e.src+=\"#?secret=\"+t,e.setAttribute(\"data-secret\",t)),e.contentWindow.postMessage({message:\"ready\",secret:t},\"*\")},!1)))}(window,document);\n\/\/# sourceURL=https:\/\/afie-asso.fr\/wp-includes\/js\/wp-embed.min.js\n\/* ]]> *\/\n<\/script>\n","thumbnail_url":"https:\/\/afie-asso.fr\/wp-content\/uploads\/2020\/06\/Eco-Jardins-1.png","thumbnail_width":304,"thumbnail_height":166,"description":"L\u2019AFIE est pr\u00e9sente au comit\u00e9 de labellisation d\u2019EcoJardin, qui distinguent les gestionnaires d\u2019espaces verts publics ou priv\u00e9s ayant mis en place des pratiques d\u2019entretien respectueuses de l\u2019environnement. Lors du comit\u00e9 du 29 novembre 2019, 87 nouveaux sites ont re\u00e7u le label et 17 autres ont vu leur labellisation renouvel\u00e9e pour 5 ans. Au total, ce [&hellip;]"}